{"id":489,"date":"2025-02-06T17:54:16","date_gmt":"2025-02-06T16:54:16","guid":{"rendered":"https:\/\/www.outils-oceans.com\/blog\/?post_type=job_offers&#038;p=489"},"modified":"2025-08-27T16:22:09","modified_gmt":"2025-08-27T14:22:09","slug":"chef-de-projet-ged-f-h-sud-est-et-est-de-la-france-3","status":"publish","type":"job_offers","link":"https:\/\/www.outils-oceans.com\/blog\/nous-rejoindre\/chef-de-projet-ged-f-h-sud-est-et-est-de-la-france-3\/","title":{"rendered":"Technico-commercial(e) (F\/H) Sud-Est &amp; Est de la France &#8211; CDI Bas\u00e9(e) \u00e0 Lyon en home office ou en espace de coworking \/\/ OFFRE POURVUE"},"content":{"rendered":"\n<hr class=\"wp-block-separator alignwide has-text-color has-color-1-color has-alpha-channel-opacity has-color-1-background-color has-background\"\/>\n\n\n\n<div class=\"wp-block-group alignwide is-layout-constrained wp-block-group-is-layout-constrained\">\n<div class=\"wp-block-columns alignfull are-vertically-aligned-top is-layout-flex wp-container-core-columns-is-layout-28f84493 wp-block-columns-is-layout-flex\">\n<div class=\"wp-block-column is-vertically-aligned-top is-layout-flow wp-block-column-is-layout-flow\" style=\"flex-basis:33.33%\">\n<h2 class=\"wp-block-heading has-h-3-font-size\">L\u2019entreprise<\/h2>\n<\/div>\n\n\n\n<div class=\"wp-block-column is-vertically-aligned-top is-layout-flow wp-block-column-is-layout-flow\" style=\"flex-basis:66.66%\">\n<p>Entreprise \u00e0 taille humaine de<strong> 30 collaborateurs, dynamique et en croissance<\/strong>.<br><em>Notre raison d\u2019\u00eatre <\/em>: cr\u00e9er et mettre en oeuvre des solutions innovantes pour <strong>ranger, transporter, prot\u00e9ger et digitaliser<\/strong> permettant d\u2019apporter un gain \u00e0 nos clients en termes de qualit\u00e9, s\u00e9curit\u00e9, productivit\u00e9 et <strong>am\u00e9lioration des conditions de travail<\/strong>.<br><em>Nos valeurs :<\/em> l\u2019humain au c\u0153ur de nos pr\u00e9occupations (clients et collaborateurs), priorit\u00e9 \u00e0 notre d\u00e9marche de diagnostic et conseils, sens de l\u2019engagement, politique RSE volontariste d\u00e9bouchant sur des actions concr\u00e8tes (produits durables, gestion des ressources, partenariats, emploi industriel local)<br>Cadre de travail agr\u00e9able : \u00e0 4 Km de la mer, cadre verdoyant, locaux neufs (2021), bureaux de 2 \u00e0 4 personnes (pas d\u2019open space).<\/p>\n<\/div>\n<\/div>\n<\/div>\n\n\n\n<hr class=\"wp-block-separator alignwide has-text-color has-color-1-color has-alpha-channel-opacity has-color-1-background-color has-background\"\/>\n\n\n\n<div class=\"wp-block-group alignwide is-layout-constrained wp-block-group-is-layout-constrained\">\n<div class=\"wp-block-columns alignfull are-vertically-aligned-top is-layout-flex wp-container-core-columns-is-layout-28f84493 wp-block-columns-is-layout-flex\">\n<div class=\"wp-block-column is-vertically-aligned-top is-layout-flow wp-block-column-is-layout-flow\" style=\"flex-basis:33.33%\">\n<h2 class=\"wp-block-heading has-h-3-font-size\">Votre r\u00f4le \/ Missions<\/h2>\n<\/div>\n\n\n\n<div class=\"wp-block-column is-vertically-aligned-top is-layout-flow wp-block-column-is-layout-flow\" style=\"flex-basis:66.66%\">\n<p>Vous renforcez une \u00e9quipe existante de 2 commerciaux (1 en Ile de France et 1 responsable commerciale au si\u00e8ge).<\/p>\n\n\n\n<p style=\"margin-top:var(--wp--preset--spacing--30);margin-bottom:var(--wp--preset--spacing--30)\">Epaul\u00e9(e) par les \u00e9quipes bureau d\u2019\u00e9tudes et projets SI vous :<\/p>\n\n\n\n<ul style=\"margin-top:var(--wp--preset--spacing--20);margin-bottom:var(--wp--preset--spacing--20)\" class=\"wp-block-list\">\n<li>Elaborez vos offres commerciales et conduisez les n\u00e9gociations avec vos interlocuteurs de type Responsable de services g\u00e9n\u00e9raux, environnement de travail, logistique, informatique et acheteurs<\/li>\n\n\n\n<li>Commercialisez une large gamme de solutions de traitement de flux physiques et num\u00e9riques : nos solutions incluent notamment l\u2019audit, l\u2019am\u00e9nagement d\u2019espaces de travail, la fabrication de contenants s\u00e9curis\u00e9s, des logiciels de tra\u00e7abilit\u00e9 des flux physiques, de gestion \u00e9lectronique de documents et processus d\u2019entreprises en mode SAAS<\/li>\n\n\n\n<li>Instaurez une relation de confiance avec vos clients inscrite dans la dur\u00e9e<\/li>\n\n\n\n<li>Assurez le d\u00e9veloppement de votre portefeuille de clients grands compte priv\u00e9s et collectivit\u00e9s sur votre territoire compos\u00e9 des r\u00e9gions AURA, PACA, Grand Est.<\/li>\n<\/ul>\n\n\n\n<p style=\"margin-top:var(--wp--preset--spacing--30);margin-bottom:var(--wp--preset--spacing--30)\">Autonome, vous d\u00e9livrez un reporting fiable pour l\u2019\u00e9quipe avec qui vous appr\u00e9ciez aussi d\u2019apporter vos retours d\u2019exp\u00e9rience et votre veille march\u00e9.<\/p>\n<\/div>\n<\/div>\n<\/div>\n\n\n\n<hr class=\"wp-block-separator alignwide has-text-color has-color-1-color has-alpha-channel-opacity has-color-1-background-color has-background\"\/>\n\n\n\n<div class=\"wp-block-group alignwide is-layout-constrained wp-block-group-is-layout-constrained\">\n<div class=\"wp-block-columns alignfull are-vertically-aligned-top is-layout-flex wp-container-core-columns-is-layout-28f84493 wp-block-columns-is-layout-flex\">\n<div class=\"wp-block-column is-vertically-aligned-top is-layout-flow wp-block-column-is-layout-flow\" style=\"flex-basis:33.33%\">\n<h2 class=\"wp-block-heading has-h-3-font-size\">Votre profil<\/h2>\n<\/div>\n\n\n\n<div class=\"wp-block-column is-vertically-aligned-top is-layout-flow wp-block-column-is-layout-flow\" style=\"flex-basis:66.66%\">\n<ul class=\"wp-block-list\">\n<li>Ecoute client : vous appr\u00e9ciez analyser leurs besoins techniques et fonctionnels afin d\u2019apporter des r\u00e9ponses adapt\u00e9es en termes de produits et services<\/li>\n\n\n\n<li>Exp\u00e9rience commerciale r\u00e9ussie<\/li>\n\n\n\n<li>Anim\u00e9(e) par le sens du challenge et du r\u00e9sultat, vous appr\u00e9ciez d\u00e9velopper votre portefeuille existant mais aussi d\u00e9ployer de nouveaux comptes gr\u00e2ce \u00e0 une prospection active et structur\u00e9e<\/li>\n\n\n\n<li>Travail en \u00e9quipe<\/li>\n\n\n\n<li>Connaissance des directions services g\u00e9n\u00e9raux\/environnement de travail et des Directions des Syst\u00e8mes d\u2019Information<\/li>\n\n\n\n<li>Aisance relationnelle<\/li>\n\n\n\n<li>Pugnacit\u00e9<\/li>\n\n\n\n<li>Rigueur<\/li>\n<\/ul>\n<\/div>\n<\/div>\n<\/div>\n\n\n\n<hr class=\"wp-block-separator alignwide has-text-color has-color-1-color has-alpha-channel-opacity has-color-1-background-color has-background\"\/>\n\n\n\n<div class=\"wp-block-group alignwide is-layout-constrained wp-block-group-is-layout-constrained\">\n<div class=\"wp-block-columns alignfull are-vertically-aligned-top is-layout-flex wp-container-core-columns-is-layout-28f84493 wp-block-columns-is-layout-flex\">\n<div class=\"wp-block-column is-vertically-aligned-top is-layout-flow wp-block-column-is-layout-flow\" style=\"flex-basis:33.33%\">\n<h2 class=\"wp-block-heading has-h-3-font-size\">Vos perspectives<\/h2>\n<\/div>\n\n\n\n<div class=\"wp-block-column is-vertically-aligned-top is-layout-flow wp-block-column-is-layout-flow\" style=\"flex-basis:66.66%\">\n<p>Parcours d\u2019int\u00e9gration et formation<\/p>\n<\/div>\n<\/div>\n<\/div>\n","protected":false},"excerpt":{"rendered":"<p>L\u2019entreprise Entreprise \u00e0 taille humaine de 30 collaborateurs, dynamique et en croissance.Notre raison d\u2019\u00eatre : cr\u00e9er et mettre en oeuvre des solutions innovantes pour ranger, transporter, prot\u00e9ger et digitaliser permettant d\u2019apporter un gain \u00e0 nos clients en termes de qualit\u00e9, s\u00e9curit\u00e9, productivit\u00e9 et am\u00e9lioration des conditions de travail.Nos valeurs : l\u2019humain au c\u0153ur de nos [&hellip;]<\/p>\n","protected":false},"featured_media":1154,"parent":0,"template":"","meta":{"_acf_changed":false,"_is_custom_sticky":true,"_job_contract_type":"CDI","_job_schedule_type":"Temps plein","_job_location":"Lyon en home office ou en espace de coworking","_job_is_filled":true,"_job_show_form":true,"_job_form_title":"Je postule","_job_form_text":"Envoi des candidatures \u00e0 : \nestiertournessi@uptoo.fr"},"class_list":["post-489","job_offers","type-job_offers","status-publish","has-post-thumbnail","hentry"],"acf":[],"yoast_head":"<!-- This site is optimized with the Yoast SEO plugin v27.1.1 - https:\/\/yoast.com\/product\/yoast-seo-wordpress\/ -->\n<title>Technico-commercial(e) (F\/H) Sud-Est &amp; Est de la France - CDI Bas\u00e9(e) \u00e0 Lyon en home office ou en espace de coworking \/\/ OFFRE POURVUE - Outils Oc\u00e9ans<\/title>\n<meta name=\"robots\" content=\"index, follow, max-snippet:-1, max-image-preview:large, max-video-preview:-1\" \/>\n<link rel=\"canonical\" href=\"https:\/\/www.outils-oceans.com\/blog\/nous-rejoindre\/chef-de-projet-ged-f-h-sud-est-et-est-de-la-france-3\/\" \/>\n<meta property=\"og:locale\" content=\"fr_FR\" \/>\n<meta property=\"og:type\" content=\"article\" \/>\n<meta property=\"og:title\" content=\"Technico-commercial(e) (F\/H) Sud-Est &amp; Est de la France - CDI Bas\u00e9(e) \u00e0 Lyon en home office ou en espace de coworking \/\/ OFFRE POURVUE - Outils Oc\u00e9ans\" \/>\n<meta property=\"og:description\" content=\"L\u2019entreprise Entreprise \u00e0 taille humaine de 30 collaborateurs, dynamique et en croissance.Notre raison d\u2019\u00eatre : cr\u00e9er et mettre en oeuvre des solutions innovantes pour ranger, transporter, prot\u00e9ger et digitaliser permettant d\u2019apporter un gain \u00e0 nos clients en termes de qualit\u00e9, s\u00e9curit\u00e9, productivit\u00e9 et am\u00e9lioration des conditions de travail.Nos valeurs : l\u2019humain au c\u0153ur de nos [&hellip;]\" \/>\n<meta property=\"og:url\" content=\"https:\/\/www.outils-oceans.com\/blog\/nous-rejoindre\/chef-de-projet-ged-f-h-sud-est-et-est-de-la-france-3\/\" \/>\n<meta property=\"og:site_name\" content=\"Outils Oc\u00e9ans\" \/>\n<meta property=\"article:modified_time\" content=\"2025-08-27T14:22:09+00:00\" \/>\n<meta property=\"og:image\" content=\"https:\/\/www.outils-oceans.com\/blog\/app\/uploads\/2025\/04\/benjamin-deroche-6-scaled.jpg\" \/>\n\t<meta property=\"og:image:width\" content=\"1707\" \/>\n\t<meta property=\"og:image:height\" content=\"2560\" \/>\n\t<meta property=\"og:image:type\" content=\"image\/jpeg\" \/>\n<meta name=\"twitter:card\" content=\"summary_large_image\" \/>\n<meta name=\"twitter:label1\" content=\"Dur\u00e9e de lecture estim\u00e9e\" \/>\n\t<meta name=\"twitter:data1\" content=\"2 minutes\" \/>\n<script type=\"application\/ld+json\" class=\"yoast-schema-graph\">{\"@context\":\"https:\/\/schema.org\",\"@graph\":[{\"@type\":\"WebPage\",\"@id\":\"https:\/\/www.outils-oceans.com\/blog\/nous-rejoindre\/chef-de-projet-ged-f-h-sud-est-et-est-de-la-france-3\/\",\"url\":\"https:\/\/www.outils-oceans.com\/blog\/nous-rejoindre\/chef-de-projet-ged-f-h-sud-est-et-est-de-la-france-3\/\",\"name\":\"Technico-commercial(e) (F\/H) Sud-Est &amp; Est de la France - CDI Bas\u00e9(e) \u00e0 Lyon en home office ou en espace de coworking \/\/ OFFRE POURVUE - Outils Oc\u00e9ans\",\"isPartOf\":{\"@id\":\"https:\/\/www.outils-oceans.com\/blog\/#website\"},\"primaryImageOfPage\":{\"@id\":\"https:\/\/www.outils-oceans.com\/blog\/nous-rejoindre\/chef-de-projet-ged-f-h-sud-est-et-est-de-la-france-3\/#primaryimage\"},\"image\":{\"@id\":\"https:\/\/www.outils-oceans.com\/blog\/nous-rejoindre\/chef-de-projet-ged-f-h-sud-est-et-est-de-la-france-3\/#primaryimage\"},\"thumbnailUrl\":\"https:\/\/www.outils-oceans.com\/blog\/app\/uploads\/2025\/04\/benjamin-deroche-6-scaled.jpg\",\"datePublished\":\"2025-02-06T16:54:16+00:00\",\"dateModified\":\"2025-08-27T14:22:09+00:00\",\"breadcrumb\":{\"@id\":\"https:\/\/www.outils-oceans.com\/blog\/nous-rejoindre\/chef-de-projet-ged-f-h-sud-est-et-est-de-la-france-3\/#breadcrumb\"},\"inLanguage\":\"fr-FR\",\"potentialAction\":[{\"@type\":\"ReadAction\",\"target\":[\"https:\/\/www.outils-oceans.com\/blog\/nous-rejoindre\/chef-de-projet-ged-f-h-sud-est-et-est-de-la-france-3\/\"]}]},{\"@type\":\"ImageObject\",\"inLanguage\":\"fr-FR\",\"@id\":\"https:\/\/www.outils-oceans.com\/blog\/nous-rejoindre\/chef-de-projet-ged-f-h-sud-est-et-est-de-la-france-3\/#primaryimage\",\"url\":\"https:\/\/www.outils-oceans.com\/blog\/app\/uploads\/2025\/04\/benjamin-deroche-6-scaled.jpg\",\"contentUrl\":\"https:\/\/www.outils-oceans.com\/blog\/app\/uploads\/2025\/04\/benjamin-deroche-6-scaled.jpg\",\"width\":1707,\"height\":2560,\"caption\":\"Benjamin Deroche 6\"},{\"@type\":\"BreadcrumbList\",\"@id\":\"https:\/\/www.outils-oceans.com\/blog\/nous-rejoindre\/chef-de-projet-ged-f-h-sud-est-et-est-de-la-france-3\/#breadcrumb\",\"itemListElement\":[{\"@type\":\"ListItem\",\"position\":1,\"name\":\"Accueil\",\"item\":\"https:\/\/www.outils-oceans.com\/blog\/\"},{\"@type\":\"ListItem\",\"position\":2,\"name\":\"Offres d'emploi\",\"item\":\"https:\/\/www.outils-oceans.com\/blog\/nous-rejoindre\/\"},{\"@type\":\"ListItem\",\"position\":3,\"name\":\"Technico-commercial(e) (F\/H) Sud-Est &amp; Est de la France &#8211; CDI Bas\u00e9(e) \u00e0 Lyon en home office ou en espace de coworking \/\/ OFFRE POURVUE\"}]},{\"@type\":\"WebSite\",\"@id\":\"https:\/\/www.outils-oceans.com\/blog\/#website\",\"url\":\"https:\/\/www.outils-oceans.com\/blog\/\",\"name\":\"Outils Oc\u00e9ans\",\"description\":\"\",\"potentialAction\":[{\"@type\":\"SearchAction\",\"target\":{\"@type\":\"EntryPoint\",\"urlTemplate\":\"https:\/\/www.outils-oceans.com\/blog\/?s={search_term_string}\"},\"query-input\":{\"@type\":\"PropertyValueSpecification\",\"valueRequired\":true,\"valueName\":\"search_term_string\"}}],\"inLanguage\":\"fr-FR\"}]}<\/script>\n<!-- \/ Yoast SEO plugin. -->","yoast_head_json":{"title":"Technico-commercial(e) (F\/H) Sud-Est &amp; Est de la France - CDI Bas\u00e9(e) \u00e0 Lyon en home office ou en espace de coworking \/\/ OFFRE POURVUE - Outils Oc\u00e9ans","robots":{"index":"index","follow":"follow","max-snippet":"max-snippet:-1","max-image-preview":"max-image-preview:large","max-video-preview":"max-video-preview:-1"},"canonical":"https:\/\/www.outils-oceans.com\/blog\/nous-rejoindre\/chef-de-projet-ged-f-h-sud-est-et-est-de-la-france-3\/","og_locale":"fr_FR","og_type":"article","og_title":"Technico-commercial(e) (F\/H) Sud-Est &amp; Est de la France - CDI Bas\u00e9(e) \u00e0 Lyon en home office ou en espace de coworking \/\/ OFFRE POURVUE - Outils Oc\u00e9ans","og_description":"L\u2019entreprise Entreprise \u00e0 taille humaine de 30 collaborateurs, dynamique et en croissance.Notre raison d\u2019\u00eatre : cr\u00e9er et mettre en oeuvre des solutions innovantes pour ranger, transporter, prot\u00e9ger et digitaliser permettant d\u2019apporter un gain \u00e0 nos clients en termes de qualit\u00e9, s\u00e9curit\u00e9, productivit\u00e9 et am\u00e9lioration des conditions de travail.Nos valeurs : l\u2019humain au c\u0153ur de nos [&hellip;]","og_url":"https:\/\/www.outils-oceans.com\/blog\/nous-rejoindre\/chef-de-projet-ged-f-h-sud-est-et-est-de-la-france-3\/","og_site_name":"Outils Oc\u00e9ans","article_modified_time":"2025-08-27T14:22:09+00:00","og_image":[{"width":1707,"height":2560,"url":"https:\/\/www.outils-oceans.com\/blog\/app\/uploads\/2025\/04\/benjamin-deroche-6-scaled.jpg","type":"image\/jpeg"}],"twitter_card":"summary_large_image","twitter_misc":{"Dur\u00e9e de lecture estim\u00e9e":"2 minutes"},"schema":{"@context":"https:\/\/schema.org","@graph":[{"@type":"WebPage","@id":"https:\/\/www.outils-oceans.com\/blog\/nous-rejoindre\/chef-de-projet-ged-f-h-sud-est-et-est-de-la-france-3\/","url":"https:\/\/www.outils-oceans.com\/blog\/nous-rejoindre\/chef-de-projet-ged-f-h-sud-est-et-est-de-la-france-3\/","name":"Technico-commercial(e) (F\/H) Sud-Est &amp; Est de la France - CDI Bas\u00e9(e) \u00e0 Lyon en home office ou en espace de coworking \/\/ OFFRE POURVUE - Outils Oc\u00e9ans","isPartOf":{"@id":"https:\/\/www.outils-oceans.com\/blog\/#website"},"primaryImageOfPage":{"@id":"https:\/\/www.outils-oceans.com\/blog\/nous-rejoindre\/chef-de-projet-ged-f-h-sud-est-et-est-de-la-france-3\/#primaryimage"},"image":{"@id":"https:\/\/www.outils-oceans.com\/blog\/nous-rejoindre\/chef-de-projet-ged-f-h-sud-est-et-est-de-la-france-3\/#primaryimage"},"thumbnailUrl":"https:\/\/www.outils-oceans.com\/blog\/app\/uploads\/2025\/04\/benjamin-deroche-6-scaled.jpg","datePublished":"2025-02-06T16:54:16+00:00","dateModified":"2025-08-27T14:22:09+00:00","breadcrumb":{"@id":"https:\/\/www.outils-oceans.com\/blog\/nous-rejoindre\/chef-de-projet-ged-f-h-sud-est-et-est-de-la-france-3\/#breadcrumb"},"inLanguage":"fr-FR","potentialAction":[{"@type":"ReadAction","target":["https:\/\/www.outils-oceans.com\/blog\/nous-rejoindre\/chef-de-projet-ged-f-h-sud-est-et-est-de-la-france-3\/"]}]},{"@type":"ImageObject","inLanguage":"fr-FR","@id":"https:\/\/www.outils-oceans.com\/blog\/nous-rejoindre\/chef-de-projet-ged-f-h-sud-est-et-est-de-la-france-3\/#primaryimage","url":"https:\/\/www.outils-oceans.com\/blog\/app\/uploads\/2025\/04\/benjamin-deroche-6-scaled.jpg","contentUrl":"https:\/\/www.outils-oceans.com\/blog\/app\/uploads\/2025\/04\/benjamin-deroche-6-scaled.jpg","width":1707,"height":2560,"caption":"Benjamin Deroche 6"},{"@type":"BreadcrumbList","@id":"https:\/\/www.outils-oceans.com\/blog\/nous-rejoindre\/chef-de-projet-ged-f-h-sud-est-et-est-de-la-france-3\/#breadcrumb","itemListElement":[{"@type":"ListItem","position":1,"name":"Accueil","item":"https:\/\/www.outils-oceans.com\/blog\/"},{"@type":"ListItem","position":2,"name":"Offres d'emploi","item":"https:\/\/www.outils-oceans.com\/blog\/nous-rejoindre\/"},{"@type":"ListItem","position":3,"name":"Technico-commercial(e) (F\/H) Sud-Est &amp; Est de la France &#8211; CDI Bas\u00e9(e) \u00e0 Lyon en home office ou en espace de coworking \/\/ OFFRE POURVUE"}]},{"@type":"WebSite","@id":"https:\/\/www.outils-oceans.com\/blog\/#website","url":"https:\/\/www.outils-oceans.com\/blog\/","name":"Outils Oc\u00e9ans","description":"","potentialAction":[{"@type":"SearchAction","target":{"@type":"EntryPoint","urlTemplate":"https:\/\/www.outils-oceans.com\/blog\/?s={search_term_string}"},"query-input":{"@type":"PropertyValueSpecification","valueRequired":true,"valueName":"search_term_string"}}],"inLanguage":"fr-FR"}]}},"_links":{"self":[{"href":"https:\/\/www.outils-oceans.com\/blog\/wp-json\/wp\/v2\/job_offers\/489","targetHints":{"allow":["GET"]}}],"collection":[{"href":"https:\/\/www.outils-oceans.com\/blog\/wp-json\/wp\/v2\/job_offers"}],"about":[{"href":"https:\/\/www.outils-oceans.com\/blog\/wp-json\/wp\/v2\/types\/job_offers"}],"wp:featuredmedia":[{"embeddable":true,"href":"https:\/\/www.outils-oceans.com\/blog\/wp-json\/wp\/v2\/media\/1154"}],"wp:attachment":[{"href":"https:\/\/www.outils-oceans.com\/blog\/wp-json\/wp\/v2\/media?parent=489"}],"curies":[{"name":"wp","href":"https:\/\/api.w.org\/{rel}","templated":true}]}}